{"id":1403,"date":"2021-07-14T14:35:55","date_gmt":"2021-07-14T12:35:55","guid":{"rendered":"https:\/\/manoir.devsdms.be\/oficinas-fisicas\/"},"modified":"2021-08-04T08:31:19","modified_gmt":"2021-08-04T06:31:19","slug":"oficinas-fisicas","status":"publish","type":"page","link":"https:\/\/manoirdesoffices.com\/es\/oficinas-fisicas\/","title":{"rendered":"Oficinas f\u00edsicas"},"content":{"rendered":"<p>[et_pb_section fb_built=\u00bb1&#8243; disabled_on=\u00bbon|on|off\u00bb _builder_version=\u00bb4.9.4&#8243; _module_preset=\u00bbdefault\u00bb background_image=\u00bbhttps:\/\/manoirdesoffices.com\/wp-content\/uploads\/2021\/06\/bureau-physique-3.jpg\u00bb z_index=\u00bb10&#8243; custom_padding=\u00bb3vh||||false|false\u00bb animation_style=\u00bbslide\u00bb animation_direction=\u00bbleft\u00bb animation_duration=\u00bb500ms\u00bb animation_intensity_slide=\u00bb3%\u00bb animation_speed_curve=\u00bbease-out\u00bb][et_pb_row column_structure=\u00bb1_2,1_2&#8243; _builder_version=\u00bb4.9.4&#8243; _module_preset=\u00bbdefault\u00bb width=\u00bb75%\u00bb max_width=\u00bb1580px\u00bb custom_margin=\u00bb0px||0px||false|false\u00bb custom_padding=\u00bb0px||0px||false|false\u00bb][et_pb_column type=\u00bb1_2&#8243; _builder_version=\u00bb4.9.4&#8243; _module_preset=\u00bbdefault\u00bb][et_pb_text _builder_version=\u00bb4.9.4&#8243; _module_preset=\u00bbdefault\u00bb header_font=\u00bbOpen Sans|300||on|||||\u00bb header_text_align=\u00bbleft\u00bb header_text_color=\u00bbgcid-70333b25-1dd7-44e9-8a76-3314d0ba5eaf\u00bb header_font_size=\u00bb43px\u00bb header_letter_spacing=\u00bb2px\u00bb header_2_font=\u00bbOpen Sans|300||on|||||\u00bb header_2_text_align=\u00bbleft\u00bb header_2_text_color=\u00bbgcid-70333b25-1dd7-44e9-8a76-3314d0ba5eaf\u00bb header_2_font_size=\u00bb43px\u00bb header_2_letter_spacing=\u00bb2px\u00bb text_orientation=\u00bbright\u00bb custom_margin=\u00bb||2vh||false|false\u00bb animation_style=\u00bbslide\u00bb animation_direction=\u00bbbottom\u00bb animation_duration=\u00bb850ms\u00bb animation_delay=\u00bb500ms\u00bb animation_intensity_slide=\u00bb20%\u00bb animation_speed_curve=\u00bbease\u00bb global_colors_info=\u00bb{%22gcid-70333b25-1dd7-44e9-8a76-3314d0ba5eaf%22:%91%22header_text_color%22,%22header_2_text_color%22,%22header_text_color%22,%22header_2_text_color%22,%22header_text_color%22,%22header_2_text_color%22,%22header_text_color%22,%22header_2_text_color%22%93}\u00bb]<\/p>\n<h2>OFICINAS EN ALQUILER EN UCCLE <\/h2>\n<p>[\/et_pb_text][et_pb_divider divider_weight=\u00bb3px\u00bb _builder_version=\u00bb4.9.4&#8243; _module_preset=\u00bbdefault\u00bb width=\u00bb25%\u00bb custom_margin=\u00bb||1vh||false|false\u00bb][\/et_pb_divider][et_pb_text _builder_version=\u00bb4.9.4&#8243; _module_preset=\u00bbdefault\u00bb text_font=\u00bbOpen Sans|300|||||||\u00bb text_text_color=\u00bbgcid-70333b25-1dd7-44e9-8a76-3314d0ba5eaf\u00bb text_font_size=\u00bb16px\u00bb width=\u00bb80%\u00bb animation_style=\u00bbfade\u00bb animation_direction=\u00bbleft\u00bb animation_duration=\u00bb750ms\u00bb animation_delay=\u00bb900ms\u00bb animation_speed_curve=\u00bbease-out\u00bb global_colors_info=\u00bb{%22gcid-70333b25-1dd7-44e9-8a76-3314d0ba5eaf%22:%91%22text_text_color%22%93}\u00bb]Instalar su empresa en una de nuestras oficinas de alquiler en Uccle, en un lugar prestigioso, tranquilo y verde, es ahora posible. Gracias a nuestra f\u00f3rmula Premium, ya no tendr\u00e1 que elegir entre calidad, eficacia y precios razonables. Le Manoir des Offices tambi\u00e9n le ofrece un servicio \u00aba la carta\u00bb que le permite responder lo mejor posible a las expectativas de su empresa.[\/et_pb_text][et_pb_button button_url=\u00bb@ET-DC@eyJkeW5hbWljIjp0cnVlLCJjb250ZW50IjoicG9zdF9saW5rX3VybF9wYWdlIiwic2V0dGluZ3MiOnsicG9zdF9pZCI6IjI3In19@\u00bb button_text=\u00bbCont\u00e1ctenos\u00bb module_class=\u00bbbutton-manoir\u00bb _builder_version=\u00bb4.9.4&#8243; _dynamic_attributes=\u00bbbutton_url\u00bb _module_preset=\u00bb5c381711-681c-4bee-b620-aabdf0f0f399&#8243; animation_delay=\u00bb1100ms\u00bb][\/et_pb_button][\/et_pb_column][et_pb_column type=\u00bb1_2&#8243; _builder_version=\u00bb4.9.4&#8243; _module_preset=\u00bbdefault\u00bb][\/et_pb_column][\/et_pb_row][\/et_pb_section][et_pb_section fb_built=\u00bb1&#8243; disabled_on=\u00bboff|off|on\u00bb _builder_version=\u00bb4.9.4&#8243; _module_preset=\u00bbdefault\u00bb background_color=\u00bbRGBA(0,0,0,0)\u00bb use_background_color_gradient=\u00bbon\u00bb background_color_gradient_start=\u00bbrgba(25,34,43,0.8)\u00bb background_color_gradient_end=\u00bbrgba(25,34,43,0.8)\u00bb background_color_gradient_direction=\u00bb115deg\u00bb background_color_gradient_start_position=\u00bb50%\u00bb background_color_gradient_end_position=\u00bb50.05%\u00bb background_color_gradient_overlays_image=\u00bbon\u00bb background_image=\u00bbhttps:\/\/manoirdesoffices.com\/wp-content\/uploads\/2021\/04\/FP_BECI_Manoir-des-Offices_Reporters030.jpg\u00bb background_position=\u00bbcenter_right\u00bb z_index=\u00bb10&#8243; custom_padding=\u00bb||||false|false\u00bb animation_style=\u00bbslide\u00bb animation_direction=\u00bbleft\u00bb animation_duration=\u00bb500ms\u00bb animation_intensity_slide=\u00bb3%\u00bb animation_speed_curve=\u00bbease-out\u00bb][et_pb_row _builder_version=\u00bb4.9.4&#8243; _module_preset=\u00bbdefault\u00bb width=\u00bb75%\u00bb max_width=\u00bb1580px\u00bb custom_margin=\u00bb0px||0px||false|false\u00bb custom_padding=\u00bb0px||0px||false|false\u00bb][et_pb_column type=\u00bb4_4&#8243; _builder_version=\u00bb4.9.4&#8243; _module_preset=\u00bbdefault\u00bb][et_pb_text _builder_version=\u00bb4.9.4&#8243; _module_preset=\u00bbdefault\u00bb header_font=\u00bbOpen Sans|300||on|||||\u00bb header_text_align=\u00bbcenter\u00bb header_text_color=\u00bbgcid-70333b25-1dd7-44e9-8a76-3314d0ba5eaf\u00bb header_font_size=\u00bb43px\u00bb header_letter_spacing=\u00bb2px\u00bb header_2_font=\u00bbOpen Sans|300||on|||||\u00bb header_2_text_align=\u00bbcenter\u00bb header_2_text_color=\u00bbgcid-70333b25-1dd7-44e9-8a76-3314d0ba5eaf\u00bb header_2_font_size=\u00bb43px\u00bb header_2_letter_spacing=\u00bb2px\u00bb animation_style=\u00bbslide\u00bb animation_direction=\u00bbleft\u00bb animation_duration=\u00bb750ms\u00bb animation_delay=\u00bb500ms\u00bb animation_intensity_slide=\u00bb5%\u00bb animation_speed_curve=\u00bbease-out\u00bb text_orientation_last_edited=\u00bboff|desktop\u00bb locked=\u00bboff\u00bb global_colors_info=\u00bb{%22gcid-70333b25-1dd7-44e9-8a76-3314d0ba5eaf%22:%91%22header_text_color%22,%22header_2_text_color%22,%22header_text_color%22,%22header_2_text_color%22,%22header_text_color%22,%22header_2_text_color%22,%22header_text_color%22,%22header_2_text_color%22%93}\u00bb]<\/p>\n<h2>OFICINAS EN ALQUILER EN UCCLE <\/h2>\n<p>[\/et_pb_text][et_pb_divider divider_weight=\u00bb3px\u00bb _builder_version=\u00bb4.9.4&#8243; _module_preset=\u00bbdefault\u00bb width=\u00bb25%\u00bb module_alignment=\u00bbcenter\u00bb locked=\u00bboff\u00bb][\/et_pb_divider][et_pb_text _builder_version=\u00bb4.9.4&#8243; _module_preset=\u00bbdefault\u00bb text_font=\u00bbOpen Sans|300|||||||\u00bb text_text_color=\u00bbgcid-70333b25-1dd7-44e9-8a76-3314d0ba5eaf\u00bb text_font_size=\u00bb16px\u00bb text_orientation=\u00bbcenter\u00bb width=\u00bb80%\u00bb module_alignment=\u00bbcenter\u00bb animation_style=\u00bbslide\u00bb animation_direction=\u00bbleft\u00bb animation_duration=\u00bb750ms\u00bb animation_delay=\u00bb700ms\u00bb animation_intensity_slide=\u00bb5%\u00bb animation_speed_curve=\u00bbease-out\u00bb locked=\u00bboff\u00bb global_colors_info=\u00bb{%22gcid-70333b25-1dd7-44e9-8a76-3314d0ba5eaf%22:%91%22text_text_color%22%93}\u00bb]<\/p>\n<p>Instalar su empresa en una de nuestras oficinas de alquiler en Uccle, en un lugar prestigioso, tranquilo y verde, es ahora posible.<\/p>\n<p>Gracias a nuestra f\u00f3rmula Premium, ya no tendr\u00e1 que elegir entre calidad, eficacia y precios razonables.<\/p>\n<p>Le Manoir des Offices tambi\u00e9n le ofrece un servicio \u00aba la carta\u00bb que le permite responder lo mejor posible a las expectativas de su empresa.<\/p>\n<p>[\/et_pb_text][et_pb_button button_url=\u00bb@ET-DC@eyJkeW5hbWljIjp0cnVlLCJjb250ZW50IjoicG9zdF9saW5rX3VybF9wYWdlIiwic2V0dGluZ3MiOnsicG9zdF9pZCI6IjI3In19@\u00bb button_text=\u00bbCont\u00e1ctenos\u00bb button_alignment=\u00bbcenter\u00bb module_class=\u00bbbutton-manoir\u00bb _builder_version=\u00bb4.9.4&#8243; _dynamic_attributes=\u00bbbutton_url\u00bb _module_preset=\u00bb5c381711-681c-4bee-b620-aabdf0f0f399&#8243; animation_delay=\u00bb1100ms\u00bb locked=\u00bboff\u00bb][\/et_pb_button][\/et_pb_column][\/et_pb_row][\/et_pb_section][et_pb_section fb_built=\u00bb1&#8243; _builder_version=\u00bb4.9.4&#8243; _module_preset=\u00bbdefault\u00bb background_color=\u00bb#F5F5F5&#8243;][et_pb_row _builder_version=\u00bb4.9.4&#8243; _module_preset=\u00bbdefault\u00bb custom_margin=\u00bb0px||0px||false|false\u00bb custom_padding=\u00bb0px||0px||false|false\u00bb][et_pb_column type=\u00bb4_4&#8243; _builder_version=\u00bb4.9.4&#8243; _module_preset=\u00bbdefault\u00bb][et_pb_text _builder_version=\u00bb4.9.4&#8243; _module_preset=\u00bb7a8a3d85-e3bf-412a-a959-b775f63bff71&#8243; header_font_size=\u00bb31px\u00bb header_2_font=\u00bbOpen Sans|600||on|||||\u00bb header_2_text_color=\u00bbgcid-145f816b-ca4f-4ba0-b089-7d5938d2c844&#8243; header_2_font_size=\u00bb25px\u00bb header_3_font=\u00bbOpen Sans|600||on|||||\u00bb header_3_text_color=\u00bb#2b2f35&#8243; header_3_font_size=\u00bb25px\u00bb text_orientation=\u00bbcenter\u00bb global_colors_info=\u00bb{%22gcid-145f816b-ca4f-4ba0-b089-7d5938d2c844%22:%91%22header_2_text_color%22,%22header_2_text_color%22,%22header_2_text_color%22,%22header_2_text_color%22%93}\u00bb]<\/p>\n<h2>Oficinas en alquiler en un centro de negocios en el coraz\u00f3n de Uccle <\/h2>\n<p>[\/et_pb_text][et_pb_text _builder_version=\u00bb4.9.4&#8243; _module_preset=\u00bbdefault\u00bb text_font=\u00bbOpen Sans||||||||\u00bb text_text_color=\u00bb#2B2F35&#8243; text_orientation=\u00bbcenter\u00bb width=\u00bb80%\u00bb module_alignment=\u00bbcenter\u00bb animation_style=\u00bbslide\u00bb animation_direction=\u00bbleft\u00bb animation_duration=\u00bb750ms\u00bb animation_delay=\u00bb700ms\u00bb animation_intensity_slide=\u00bb5%\u00bb animation_speed_curve=\u00bbease-out\u00bb locked=\u00bboff\u00bb global_colors_info=\u00bb{%22gcid-70333b25-1dd7-44e9-8a76-3314d0ba5eaf%22:%91%93}\u00bb]<\/p>\n<p>Le Manoir des Offices le ofrece oficinas en alquiler en uno de los barrios m\u00e1s solicitados de Uccle. Idealmente situado a pocos minutos de la estaci\u00f3n de tren de Midi y de las principales carreteras a las principales ciudades. <\/p>\n<p>Descubra en im\u00e1genes nuestras luminosas y amplias oficinas en alquiler<\/p>\n<p>[\/et_pb_text][et_pb_divider divider_weight=\u00bb3px\u00bb _builder_version=\u00bb4.9.4&#8243; _module_preset=\u00bbdefault\u00bb width=\u00bb7%\u00bb module_alignment=\u00bbcenter\u00bb][\/et_pb_divider][\/et_pb_column][\/et_pb_row][et_pb_row _builder_version=\u00bb4.9.4&#8243; _module_preset=\u00bbdefault\u00bb custom_margin=\u00bb0px||0px||false|false\u00bb custom_padding=\u00bb||0px||false|false\u00bb][et_pb_column type=\u00bb4_4&#8243; _builder_version=\u00bb4.9.4&#8243; _module_preset=\u00bbdefault\u00bb][et_pb_gallery gallery_ids=\u00bb43,42,41,44,47,92,84&#8243; gallery_orderby=\u00bbrand\u00bb posts_number=\u00bb8&#8243; show_title_and_caption=\u00bboff\u00bb zoom_icon_color=\u00bb#7EBEC5&#8243; hover_icon=\u00bb%%51%%\u00bb _builder_version=\u00bb4.9.4&#8243; _module_preset=\u00bbdefault\u00bb pagination_font=\u00bbPoppins||||||||\u00bb border_radii_image=\u00bbon|3px|3px|3px|3px\u00bb box_shadow_style_image=\u00bbpreset3&#8243;][\/et_pb_gallery][\/et_pb_column][\/et_pb_row][\/et_pb_section][et_pb_section fb_built=\u00bb1&#8243; _builder_version=\u00bb4.9.4&#8243; _module_preset=\u00bbdefault\u00bb background_color=\u00bbgcid-145f816b-ca4f-4ba0-b089-7d5938d2c844&#8243; background_image=\u00bbhttps:\/\/manoirdesoffices.com\/wp-content\/uploads\/2021\/06\/FEUILLE3-3.png\u00bb background_size=\u00bbinitial\u00bb background_position=\u00bbbottom_right\u00bb custom_padding=\u00bb||||true|false\u00bb global_colors_info=\u00bb{%22gcid-145f816b-ca4f-4ba0-b089-7d5938d2c844%22:%91%22background_color%22%93}\u00bb][et_pb_row _builder_version=\u00bb4.9.4&#8243; _module_preset=\u00bbdefault\u00bb custom_margin=\u00bb0px||0px||false|false\u00bb custom_padding=\u00bb0px||0px||false|false\u00bb][et_pb_column type=\u00bb4_4&#8243; _builder_version=\u00bb4.9.4&#8243; _module_preset=\u00bbdefault\u00bb][et_pb_image src=\u00bbhttps:\/\/manoirdesoffices.com\/wp-content\/uploads\/2021\/05\/premium.svg\u00bb title_text=\u00bbpremium\u00bb _builder_version=\u00bb4.9.4&#8243; _module_preset=\u00bbdefault\u00bb width=\u00bb80px\u00bb custom_css_main_element=\u00bbfloat:left;\u00bb][\/et_pb_image][et_pb_text _builder_version=\u00bb4.9.4&#8243; _module_preset=\u00bbdefault\u00bb header_font=\u00bbPoppins|||on|||||\u00bb header_text_color=\u00bbgcid-70333b25-1dd7-44e9-8a76-3314d0ba5eaf\u00bb header_font_size=\u00bb25px\u00bb header_letter_spacing=\u00bb2px\u00bb header_line_height=\u00bb1.4em\u00bb header_2_font=\u00bbPoppins|||on|||||\u00bb header_2_text_color=\u00bbgcid-70333b25-1dd7-44e9-8a76-3314d0ba5eaf\u00bb header_2_font_size=\u00bb30px\u00bb custom_margin=\u00bb20px||||false|false\u00bb custom_padding=\u00bb||||false|false\u00bb animation_style=\u00bbslide\u00bb animation_direction=\u00bbbottom\u00bb animation_duration=\u00bb900ms\u00bb animation_delay=\u00bb500ms\u00bb animation_intensity_slide=\u00bb20%\u00bb animation_speed_curve=\u00bbease-out\u00bb locked=\u00bboff\u00bb global_colors_info=\u00bb{%22gcid-70333b25-1dd7-44e9-8a76-3314d0ba5eaf%22:%91%22header_text_color%22,%22header_2_text_color%22%93}\u00bb]<\/p>\n<h2>Premium<\/h2>\n<p>[\/et_pb_text][\/et_pb_column][\/et_pb_row][et_pb_row _builder_version=\u00bb4.9.4&#8243; _module_preset=\u00bbdefault\u00bb custom_margin=\u00bb0px||||false|false\u00bb custom_padding=\u00bb0px||||false|false\u00bb][et_pb_column type=\u00bb4_4&#8243; _builder_version=\u00bb4.9.4&#8243; _module_preset=\u00bbdefault\u00bb][et_pb_text _builder_version=\u00bb4.9.4&#8243; _module_preset=\u00bbdefault\u00bb text_font=\u00bbOpen Sans|300|||||||\u00bb text_text_color=\u00bbgcid-70333b25-1dd7-44e9-8a76-3314d0ba5eaf\u00bb text_font_size=\u00bb16px\u00bb width=\u00bb100%\u00bb animation_style=\u00bbfade\u00bb animation_direction=\u00bbbottom\u00bb animation_duration=\u00bb750ms\u00bb animation_delay=\u00bb700ms\u00bb animation_speed_curve=\u00bbease-out\u00bb locked=\u00bboff\u00bb global_colors_info=\u00bb{%22gcid-70333b25-1dd7-44e9-8a76-3314d0ba5eaf%22:%91%22text_text_color%22%93}\u00bb]<\/p>\n<p>Garantizamos tal flexibilidad que el coste de un espacio en Le Manoir des Offices es menor y m\u00e1s c\u00f3modo que el alquiler de un espacio de oficina tradicional en la ciudad.Con esta f\u00f3rmula, podr\u00e1 concentrarse en su negocio.<\/p>\n<p>[\/et_pb_text][\/et_pb_column][\/et_pb_row][et_pb_row column_structure=\u00bb1_2,1_2&#8243; _builder_version=\u00bb4.9.4&#8243; _module_preset=\u00bbdefault\u00bb custom_margin=\u00bb||0px||false|false\u00bb custom_padding=\u00bb0px||0px||false|false\u00bb][et_pb_column type=\u00bb1_2&#8243; _builder_version=\u00bb4.9.4&#8243; _module_preset=\u00bbdefault\u00bb][et_pb_text _builder_version=\u00bb4.9.4&#8243; _module_preset=\u00bbdefault\u00bb text_font=\u00bbOpen Sans|600|||||||\u00bb header_font=\u00bbPoppins||||||||\u00bb header_text_color=\u00bbgcid-70333b25-1dd7-44e9-8a76-3314d0ba5eaf\u00bb header_font_size=\u00bb25px\u00bb header_letter_spacing=\u00bb2px\u00bb header_line_height=\u00bb1.4em\u00bb header_2_font=\u00bbPoppins||||||||\u00bb header_2_text_color=\u00bbgcid-70333b25-1dd7-44e9-8a76-3314d0ba5eaf\u00bb header_2_font_size=\u00bb20px\u00bb header_3_font=\u00bbOpen Sans|600|||||||\u00bb header_3_text_color=\u00bbgcid-70333b25-1dd7-44e9-8a76-3314d0ba5eaf\u00bb header_3_font_size=\u00bb20px\u00bb animation_style=\u00bbslide\u00bb animation_direction=\u00bbbottom\u00bb animation_duration=\u00bb750ms\u00bb animation_delay=\u00bb500ms\u00bb animation_intensity_slide=\u00bb5%\u00bb animation_speed_curve=\u00bbease-out\u00bb locked=\u00bboff\u00bb global_colors_info=\u00bb{%22gcid-70333b25-1dd7-44e9-8a76-3314d0ba5eaf%22:%91%22header_text_color%22,%22header_2_text_color%22,%22header_3_text_color%22%93}\u00bb]<\/p>\n<h3>Nuestro paquete premium incluye :<\/h3>\n<p>[\/et_pb_text][et_pb_text _builder_version=\u00bb4.9.4&#8243; _module_preset=\u00bbdefault\u00bb text_font=\u00bbOpen Sans|300|||||||\u00bb text_text_color=\u00bbgcid-70333b25-1dd7-44e9-8a76-3314d0ba5eaf\u00bb text_font_size=\u00bb16px\u00bb width=\u00bb100%\u00bb animation_style=\u00bbfold\u00bb animation_direction=\u00bbleft\u00bb animation_delay=\u00bb900ms\u00bb animation_intensity_fold=\u00bb30%\u00bb animation_speed_curve=\u00bbease-out\u00bb locked=\u00bboff\u00bb global_colors_info=\u00bb{%22gcid-70333b25-1dd7-44e9-8a76-3314d0ba5eaf%22:%91%22text_text_color%22%93}\u00bb]<\/p>\n<p>\u2713 Recepci\u00f3n de sus visitantes \u2713 Gesti\u00f3n del correo \u2713 La instalaci\u00f3n inicial de la oficina (amueblada) \u2713 Internet &#8211; tel\u00e9fono &#8211; Wifi (\u00faltima generaci\u00f3n) \u2713 Bebidas: fuente de agua \u2713 Acceso a las salas de reuniones (proyector, pantalla, sistema de sonido): 10 horas al mes \u2713 Gastos de alquiler est\u00e1ndar (agua &#8211; gas &#8211; electricidad) \u2713 Impuestos locales y regionales \u2713 Impuesto sobre bienes inmuebles \u2713 Mantenimiento regular de las oficinas y zonas comunes \u2713 Mantenimiento de los jardines \u2713 Acceso a la oficina y al edificio 24\/24 &#8211; 7\/7 \u2713 Sistema de alarma \u2713 C\u00e1maras de seguridad.<\/p>\n<p>[\/et_pb_text][et_pb_text _builder_version=\u00bb4.9.4&#8243; _module_preset=\u00bbdefault\u00bb header_font=\u00bbPoppins||||||||\u00bb header_text_color=\u00bbgcid-70333b25-1dd7-44e9-8a76-3314d0ba5eaf\u00bb header_font_size=\u00bb25px\u00bb header_letter_spacing=\u00bb2px\u00bb header_line_height=\u00bb1.4em\u00bb header_2_font=\u00bbPoppins||||||||\u00bb header_2_text_color=\u00bbgcid-70333b25-1dd7-44e9-8a76-3314d0ba5eaf\u00bb header_2_font_size=\u00bb20px\u00bb header_3_font=\u00bbOpen Sans|600|||||||\u00bb header_3_text_color=\u00bb#7EBEC5&#8243; header_3_font_size=\u00bb20px\u00bb animation_style=\u00bbfade\u00bb animation_direction=\u00bbleft\u00bb animation_duration=\u00bb750ms\u00bb animation_delay=\u00bb500ms\u00bb animation_speed_curve=\u00bbease-out\u00bb locked=\u00bboff\u00bb global_colors_info=\u00bb{%22gcid-70333b25-1dd7-44e9-8a76-3314d0ba5eaf%22:%91%22header_text_color%22,%22header_2_text_color%22%93}\u00bb]<\/p>\n<h3>Desde 795\u20ac al mes.<\/h3>\n<p>[\/et_pb_text][et_pb_button button_url=\u00bb@ET-DC@eyJkeW5hbWljIjp0cnVlLCJjb250ZW50IjoicG9zdF9saW5rX3VybF9wYWdlIiwic2V0dGluZ3MiOnsicG9zdF9pZCI6IjI3In19@\u00bb button_text=\u00bbConvertirse en Premium\u00bb module_class=\u00bbbutton-manoir\u00bb _builder_version=\u00bb4.9.4&#8243; _dynamic_attributes=\u00bbbutton_url\u00bb _module_preset=\u00bb5c381711-681c-4bee-b620-aabdf0f0f399&#8243; locked=\u00bboff\u00bb][\/et_pb_button][\/et_pb_column][et_pb_column type=\u00bb1_2&#8243; _builder_version=\u00bb4.9.4&#8243; _module_preset=\u00bbdefault\u00bb][et_pb_text _builder_version=\u00bb4.9.4&#8243; _module_preset=\u00bbdefault\u00bb text_font=\u00bbOpen Sans|600|||||||\u00bb text_text_color=\u00bbgcid-70333b25-1dd7-44e9-8a76-3314d0ba5eaf\u00bb text_font_size=\u00bb20px\u00bb header_3_font=\u00bbOpen Sans|600|||||||\u00bb animation_style=\u00bbslide\u00bb animation_direction=\u00bbbottom\u00bb animation_duration=\u00bb750ms\u00bb animation_delay=\u00bb500ms\u00bb animation_intensity_slide=\u00bb5%\u00bb animation_speed_curve=\u00bbease-out\u00bb global_colors_info=\u00bb{%22gcid-70333b25-1dd7-44e9-8a76-3314d0ba5eaf%22:%91%22text_text_color%22%93}\u00bb]<\/p>\n<p>\u00c0 la carte<\/p>\n<p>[\/et_pb_text][et_pb_text _builder_version=\u00bb4.9.4&#8243; _module_preset=\u00bbdefault\u00bb text_font=\u00bbOpen Sans|300|||||||\u00bb text_text_color=\u00bbgcid-70333b25-1dd7-44e9-8a76-3314d0ba5eaf\u00bb text_font_size=\u00bb16px\u00bb width=\u00bb100%\u00bb animation_style=\u00bbfold\u00bb animation_direction=\u00bbleft\u00bb animation_delay=\u00bb900ms\u00bb animation_intensity_fold=\u00bb30%\u00bb animation_speed_curve=\u00bbease-out\u00bb locked=\u00bboff\u00bb global_colors_info=\u00bb{%22gcid-70333b25-1dd7-44e9-8a76-3314d0ba5eaf%22:%91%22text_text_color%22%93}\u00bb]<\/p>\n<p>Ser inquilino de la Mansi\u00f3n significa tambi\u00e9n estar rodeado de profesionales dispuestos a apoyarle puntualmente o continuamente en caso de :<br \/>\n\u2022 personal enfermo o ausente<br \/>\n\u2022 viajar al extranjero<br \/>\n\u2022 trabajos ocasionales adicionales de secretar\u00eda o de otro tipo<br \/>\n\u2022 no tener una secretar\u00eda propia<br \/>\n\u2022 organizaci\u00f3n de eventos para su empresa<br \/>\n\u2022 apoyo contable ocasional en caso de ausencia de su contable interno<br \/>\n\u2022 etc.<\/p>\n<p>[\/et_pb_text][et_pb_text _builder_version=\u00bb4.9.4&#8243; _dynamic_attributes=\u00bblink_option_url\u00bb _module_preset=\u00bbdefault\u00bb text_font=\u00bbOpen Sans|600|||||||\u00bb text_text_color=\u00bb#7EBEC5&#8243; text_font_size=\u00bb15px\u00bb link_option_url=\u00bb@ET-DC@eyJkeW5hbWljIjp0cnVlLCJjb250ZW50IjoicG9zdF9saW5rX3VybF9wYWdlIiwic2V0dGluZ3MiOnsicG9zdF9pZCI6IjE5In19@\u00bb global_colors_info=\u00bb{%22gcid-70333b25-1dd7-44e9-8a76-3314d0ba5eaf%22:%91%22text_text_color__hover%22%93}\u00bb text_text_color__hover_enabled=\u00bbon|hover\u00bb text_text_color__hover=\u00bbgcid-70333b25-1dd7-44e9-8a76-3314d0ba5eaf\u00bb]<\/p>\n<p>M\u00e1s informaci\u00f3n<\/p>\n<p>[\/et_pb_text][\/et_pb_column][\/et_pb_row][\/et_pb_section][et_pb_section fb_built=\u00bb1&#8243; _builder_version=\u00bb4.9.4&#8243; _module_preset=\u00bbdefault\u00bb background_color=\u00bb#F5F5F5&#8243; custom_padding=\u00bb||0px||false|false\u00bb][et_pb_row column_structure=\u00bb1_2,1_2&#8243; _builder_version=\u00bb4.9.4&#8243; _module_preset=\u00bbdefault\u00bb custom_margin=\u00bb0px||||false|false\u00bb custom_padding=\u00bb0px||||false|false\u00bb][et_pb_column type=\u00bb1_2&#8243; _builder_version=\u00bb4.9.4&#8243; _module_preset=\u00bbdefault\u00bb][et_pb_text _builder_version=\u00bb4.9.4&#8243; _module_preset=\u00bbdefault\u00bb header_font=\u00bbPoppins||||||||\u00bb header_text_color=\u00bbgcid-70333b25-1dd7-44e9-8a76-3314d0ba5eaf\u00bb header_font_size=\u00bb25px\u00bb header_letter_spacing=\u00bb2px\u00bb header_line_height=\u00bb1.4em\u00bb header_2_font=\u00bbPoppins||||||||\u00bb header_2_text_color=\u00bbgcid-70333b25-1dd7-44e9-8a76-3314d0ba5eaf\u00bb header_2_font_size=\u00bb20px\u00bb header_3_font=\u00bbOpen Sans|600||on|||||\u00bb header_3_text_color=\u00bb#2B2F35&#8243; header_3_font_size=\u00bb25px\u00bb header_3_letter_spacing=\u00bb2px\u00bb animation_style=\u00bbslide\u00bb animation_direction=\u00bbleft\u00bb animation_duration=\u00bb750ms\u00bb animation_delay=\u00bb500ms\u00bb animation_intensity_slide=\u00bb5%\u00bb animation_speed_curve=\u00bbease-out\u00bb locked=\u00bboff\u00bb global_colors_info=\u00bb{%22gcid-70333b25-1dd7-44e9-8a76-3314d0ba5eaf%22:%91%22header_text_color%22,%22header_2_text_color%22%93}\u00bb]<\/p>\n<h3>Qu\u00e9 hay para ti<\/h3>\n<p>[\/et_pb_text][et_pb_text _builder_version=\u00bb4.9.4&#8243; _module_preset=\u00bbdefault\u00bb text_font=\u00bbOpen Sans||||||||\u00bb text_text_color=\u00bb#2B2F35&#8243; width=\u00bb100%\u00bb animation_style=\u00bbslide\u00bb animation_direction=\u00bbleft\u00bb animation_duration=\u00bb750ms\u00bb animation_delay=\u00bb700ms\u00bb animation_intensity_slide=\u00bb5%\u00bb animation_speed_curve=\u00bbease-out\u00bb locked=\u00bboff\u00bb]<\/p>\n<p><strong>Para comparar su coste de alquiler \u00abPREMIUM\u00bb, en una soluci\u00f3n m\u00e1s tradicional deber\u00eda pagar y gestionar:<\/strong><\/p>\n<p>\u2022 El alquiler de su oficina.<br \/>\n\u2022 Un contrato de arrendamiento de m\u00ednimo 3 a\u00f1os en el mismo lugar.<br \/>\n\u2022 El agua, el gas y la electricidad.<br \/>\n\u2022 El impuesto sobre bienes inmuebles.<br \/>\n\u2022 El seguro de alquiler.<br \/>\n\u2022 Los impuestos de las oficinas.<br \/>\n\u2022 Los gastos de mantenimiento.<br \/>\n\u2022 El personal de recepci\u00f3n o de secretariado que no necesita a tiempo completo.<br \/>\n\u2022 Una asistencia contable fija si decide aligerar su estructura administrativa.<br \/>\n\u2022 La posibilidad de recibir a sus clientes en un marco lujoso.<br \/>\n\u2022 La posibilidad de organizar eventos para su empresa.<br \/>\n\u2022 El acceso a un servicio de expertos en derecho y auditor\u00eda en su sentido m\u00e1s amplio.<\/p>\n<p>[\/et_pb_text][\/et_pb_column][et_pb_column type=\u00bb1_2&#8243; _builder_version=\u00bb4.9.4&#8243; _module_preset=\u00bbdefault\u00bb][et_pb_image src=\u00bbhttps:\/\/manoirdesoffices.com\/wp-content\/uploads\/2021\/04\/FP_BECI_Manoir-des-Offices_Reporters003-scaled.jpg\u00bb title_text=\u00bbFP_BECI_Manoir-des-Offices_Reporters003&#8243; _builder_version=\u00bb4.9.4&#8243; _module_preset=\u00bbdefault\u00bb width=\u00bb60%\u00bb module_alignment=\u00bbcenter\u00bb custom_margin=\u00bb||||false|false\u00bb custom_margin_tablet=\u00bb3vh||||false|false\u00bb custom_margin_phone=\u00bb\u00bb custom_margin_last_edited=\u00bbon|tablet\u00bb border_radii=\u00bbon|3px|3px|3px|3px\u00bb box_shadow_style=\u00bbpreset2&#8243; box_shadow_color=\u00bbrgba(0,0,0,0.16)\u00bb][\/et_pb_image][\/et_pb_column][\/et_pb_row][\/et_pb_section]<\/p>\n","protected":false},"excerpt":{"rendered":"<p>OFICINAS EN ALQUILER EN UCCLE Instalar su empresa en una de nuestras oficinas de alquiler en Uccle, en un lugar prestigioso, tranquilo y verde, es ahora posible. Gracias a nuestra f\u00f3rmula Premium, ya no tendr\u00e1 que elegir entre calidad, eficacia y precios razonables. Le Manoir des Offices tambi\u00e9n le ofrece un servicio \u00aba la carta\u00bb que le permite responder lo mejor posible a las expectativas de su empresa.OFICINAS EN ALQUILER EN UCCLE Instalar su empresa en una de nuestras oficinas de alquiler en Uccle, en un lugar prestigioso, tranquilo y verde, es ahora posible. Gracias a nuestra f\u00f3rmula Premium, ya no tendr\u00e1 que elegir entre calidad, eficacia y precios razonables. Le Manoir des Offices tambi\u00e9n le ofrece un servicio \u00aba la carta\u00bb que le permite responder lo mejor posible a las expectativas de su empresa.Oficinas en alquiler en un centro de negocios en el coraz\u00f3n de Uccle Le Manoir des Offices le ofrece oficinas en alquiler en uno de los barrios m\u00e1s solicitados de Uccle. Idealmente situado a pocos minutos de la estaci\u00f3n de tren de Midi y de las principales carreteras a las principales ciudades. Descubra en im\u00e1genes nuestras luminosas y amplias oficinas en alquilerPremiumGarantizamos tal flexibilidad que el [&hellip;]<\/p>\n","protected":false},"author":1,"featured_media":0,"parent":0,"menu_order":0,"comment_status":"closed","ping_status":"closed","template":"","meta":{"_et_pb_use_builder":"on","_et_pb_old_content":"","_et_gb_content_width":"","inline_featured_image":false,"footnotes":""},"class_list":["post-1403","page","type-page","status-publish","hentry"],"jetpack_sharing_enabled":true,"_links":{"self":[{"href":"https:\/\/manoirdesoffices.com\/es\/wp-json\/wp\/v2\/pages\/1403","targetHints":{"allow":["GET"]}}],"collection":[{"href":"https:\/\/manoirdesoffices.com\/es\/wp-json\/wp\/v2\/pages"}],"about":[{"href":"https:\/\/manoirdesoffices.com\/es\/wp-json\/wp\/v2\/types\/page"}],"author":[{"embeddable":true,"href":"https:\/\/manoirdesoffices.com\/es\/wp-json\/wp\/v2\/users\/1"}],"replies":[{"embeddable":true,"href":"https:\/\/manoirdesoffices.com\/es\/wp-json\/wp\/v2\/comments?post=1403"}],"version-history":[{"count":13,"href":"https:\/\/manoirdesoffices.com\/es\/wp-json\/wp\/v2\/pages\/1403\/revisions"}],"predecessor-version":[{"id":2850,"href":"https:\/\/manoirdesoffices.com\/es\/wp-json\/wp\/v2\/pages\/1403\/revisions\/2850"}],"wp:attachment":[{"href":"https:\/\/manoirdesoffices.com\/es\/wp-json\/wp\/v2\/media?parent=1403"}],"curies":[{"name":"wp","href":"https:\/\/api.w.org\/{rel}","templated":true}]}}